{"id":206,"date":"2023-10-13T13:23:01","date_gmt":"2023-10-13T13:23:01","guid":{"rendered":"https:\/\/proklima.pl\/?page_id=206"},"modified":"2024-09-12T08:48:36","modified_gmt":"2024-09-12T08:48:36","slug":"o-nas","status":"publish","type":"page","link":"https:\/\/proklima.pl\/?page_id=206","title":{"rendered":"O nas"},"content":{"rendered":"\t\t<div data-elementor-type=\"wp-page\" data-elementor-id=\"206\" class=\"elementor elementor-206\" data-elementor-post-type=\"page\">\n\t\t\t\t<div class=\"elementor-element elementor-element-30dcb83d elementor-hidden-mobile e-flex e-con-boxed e-con e-parent\" data-id=\"30dcb83d\" data-element_type=\"container\" data-e-type=\"container\" data-settings=\"{&quot;background_background&quot;:&quot;classic&quot;}\">\n\t\t\t\t\t<div class=\"e-con-inner\">\n\t\t<div class=\"elementor-element elementor-element-376aa7f8 e-con-full e-flex e-con e-child\" data-id=\"376aa7f8\" data-element_type=\"container\" data-e-type=\"container\">\n\t\t\t\t<div class=\"elementor-element elementor-element-fa269c6 elementor-invisible elementor-widget elementor-widget-heading\" data-id=\"fa269c6\" data-element_type=\"widget\" data-e-type=\"widget\" data-settings=\"{&quot;_animation&quot;:&quot;fadeIn&quot;}\" data-widget_type=\"heading.default\">\n\t\t\t\t<div class=\"elementor-widget-container\">\n\t\t\t\t\t<h2 class=\"elementor-heading-title elementor-size-default\">O nas<\/h2>\t\t\t\t<\/div>\n\t\t\t\t<\/div>\n\t\t\t\t<div class=\"elementor-element elementor-element-3d7e6f1 elementor-invisible elementor-widget elementor-widget-text-editor\" data-id=\"3d7e6f1\" data-element_type=\"widget\" data-e-type=\"widget\" data-settings=\"{&quot;_animation&quot;:&quot;fadeIn&quot;,&quot;_animation_delay&quot;:500}\" data-widget_type=\"text-editor.default\">\n\t\t\t\t<div class=\"elementor-widget-container\">\n\t\t\t\t\t\t\t\t\t<p>Od 18 lat stale realizujemy projekty z zakresu monta\u017cu oraz serwisu klimatyzacji i wentylacji.<\/p>\t\t\t\t\t\t\t\t<\/div>\n\t\t\t\t<\/div>\n\t\t\t\t<div class=\"elementor-element elementor-element-3b01c0e4 elementor-invisible elementor-widget elementor-widget-text-editor\" data-id=\"3b01c0e4\" data-element_type=\"widget\" data-e-type=\"widget\" data-settings=\"{&quot;_animation&quot;:&quot;fadeIn&quot;,&quot;_animation_delay&quot;:500}\" data-widget_type=\"text-editor.default\">\n\t\t\t\t<div class=\"elementor-widget-container\">\n\t\t\t\t\t\t\t\t\t<p>Dwie dekady pracy nauczy\u0142y nas jak prosta\u0107 najr\u00f3\u017cniejszym wymaganiom klient\u00f3w\u00a0<strong>indywidualnych<\/strong> i <strong>biznesowych<\/strong><\/p>\t\t\t\t\t\t\t\t<\/div>\n\t\t\t\t<\/div>\n\t\t\t\t<\/div>\n\t\t<div class=\"elementor-element elementor-element-77241254 e-con-full e-flex elementor-invisible e-con e-child\" data-id=\"77241254\" data-element_type=\"container\" data-e-type=\"container\" data-settings=\"{&quot;animation&quot;:&quot;fadeIn&quot;}\">\n\t\t\t\t<div class=\"elementor-element elementor-element-4244dd6 elementor-widget__width-initial elementor-widget elementor-widget-image\" data-id=\"4244dd6\" data-element_type=\"widget\" data-e-type=\"widget\" data-widget_type=\"image.default\">\n\t\t\t\t<div class=\"elementor-widget-container\">\n\t\t\t\t\t\t\t\t\t\t\t\t\t\t\t<img fetchpriority=\"high\" decoding=\"async\" width=\"8994\" height=\"5696\" src=\"https:\/\/proklima.pl\/wp-content\/uploads\/2024\/02\/air-conditioner-puts-very-fresh-air-room-hot-day.jpg\" class=\"attachment-full size-full wp-image-743\" alt=\"\" \/>\t\t\t\t\t\t\t\t\t\t\t\t\t\t\t<\/div>\n\t\t\t\t<\/div>\n\t\t\t\t<\/div>\n\t\t\t\t\t<\/div>\n\t\t\t\t<\/div>\n\t\t<div class=\"elementor-element elementor-element-14fe484 elementor-hidden-desktop elementor-hidden-tablet e-flex e-con-boxed e-con e-parent\" data-id=\"14fe484\" data-element_type=\"container\" data-e-type=\"container\" data-settings=\"{&quot;background_background&quot;:&quot;classic&quot;}\">\n\t\t\t\t\t<div class=\"e-con-inner\">\n\t\t<div class=\"elementor-element elementor-element-dc012ad e-con-full e-flex e-con e-child\" data-id=\"dc012ad\" data-element_type=\"container\" data-e-type=\"container\">\n\t\t\t\t<div class=\"elementor-element elementor-element-ead7e84 elementor-invisible elementor-widget elementor-widget-heading\" data-id=\"ead7e84\" data-element_type=\"widget\" data-e-type=\"widget\" data-settings=\"{&quot;_animation&quot;:&quot;fadeIn&quot;}\" data-widget_type=\"heading.default\">\n\t\t\t\t<div class=\"elementor-widget-container\">\n\t\t\t\t\t<h2 class=\"elementor-heading-title elementor-size-default\">O nas<\/h2>\t\t\t\t<\/div>\n\t\t\t\t<\/div>\n\t\t\t\t<div class=\"elementor-element elementor-element-37803e0 elementor-widget-mobile__width-initial elementor-invisible elementor-widget elementor-widget-text-editor\" data-id=\"37803e0\" data-element_type=\"widget\" data-e-type=\"widget\" data-settings=\"{&quot;_animation&quot;:&quot;fadeIn&quot;,&quot;_animation_delay&quot;:500}\" data-widget_type=\"text-editor.default\">\n\t\t\t\t<div class=\"elementor-widget-container\">\n\t\t\t\t\t\t\t\t\t<p>Od 18 lat stale realizujemy projekty z zakresu monta\u017cu oraz serwisu klimatyzacji i wentylacji.<\/p>\t\t\t\t\t\t\t\t<\/div>\n\t\t\t\t<\/div>\n\t\t\t\t<div class=\"elementor-element elementor-element-fc504e4 elementor-invisible elementor-widget elementor-widget-text-editor\" data-id=\"fc504e4\" data-element_type=\"widget\" data-e-type=\"widget\" data-settings=\"{&quot;_animation&quot;:&quot;fadeIn&quot;,&quot;_animation_delay&quot;:500}\" data-widget_type=\"text-editor.default\">\n\t\t\t\t<div class=\"elementor-widget-container\">\n\t\t\t\t\t\t\t\t\t<p>Dwie dekady pracy nauczy\u0142y nas jak prosta\u0107 najr\u00f3\u017cniejszym wymaganiom klient\u00f3w\u00a0<strong>indywidualnych<\/strong> i <strong>biznesowych<\/strong><\/p>\t\t\t\t\t\t\t\t<\/div>\n\t\t\t\t<\/div>\n\t\t\t\t<\/div>\n\t\t<div class=\"elementor-element elementor-element-a4c868d e-con-full e-flex elementor-invisible e-con e-child\" data-id=\"a4c868d\" data-element_type=\"container\" data-e-type=\"container\" data-settings=\"{&quot;animation&quot;:&quot;fadeIn&quot;}\">\n\t\t\t\t<div class=\"elementor-element elementor-element-7d50f24 elementor-widget__width-initial elementor-widget elementor-widget-image\" data-id=\"7d50f24\" data-element_type=\"widget\" data-e-type=\"widget\" data-widget_type=\"image.default\">\n\t\t\t\t<div class=\"elementor-widget-container\">\n\t\t\t\t\t\t\t\t\t\t\t\t\t\t\t<img fetchpriority=\"high\" decoding=\"async\" width=\"8994\" height=\"5696\" src=\"https:\/\/proklima.pl\/wp-content\/uploads\/2024\/02\/air-conditioner-puts-very-fresh-air-room-hot-day.jpg\" class=\"attachment-full size-full wp-image-743\" alt=\"\" \/>\t\t\t\t\t\t\t\t\t\t\t\t\t\t\t<\/div>\n\t\t\t\t<\/div>\n\t\t\t\t<\/div>\n\t\t\t\t\t<\/div>\n\t\t\t\t<\/div>\n\t\t<div class=\"elementor-element elementor-element-0591a7c e-con-full e-flex e-con e-parent\" data-id=\"0591a7c\" data-element_type=\"container\" data-e-type=\"container\" data-settings=\"{&quot;background_background&quot;:&quot;classic&quot;}\">\n\t\t<div class=\"elementor-element elementor-element-801f3b9 e-con-full e-flex e-con e-child\" data-id=\"801f3b9\" data-element_type=\"container\" data-e-type=\"container\">\n\t\t\t\t<div class=\"elementor-element elementor-element-6aa4ce5 elementor-widget__width-initial elementor-invisible elementor-widget elementor-widget-image\" data-id=\"6aa4ce5\" data-element_type=\"widget\" data-e-type=\"widget\" data-settings=\"{&quot;_animation&quot;:&quot;zoomIn&quot;}\" data-widget_type=\"image.default\">\n\t\t\t\t<div class=\"elementor-widget-container\">\n\t\t\t\t\t\t\t\t\t\t\t\t\t\t\t<img decoding=\"async\" width=\"2048\" height=\"369\" src=\"https:\/\/proklima.pl\/wp-content\/uploads\/2024\/02\/logo_mv_v2-2048x369-2.png\" class=\"attachment-full size-full wp-image-759\" alt=\"\" srcset=\"https:\/\/proklima.pl\/wp-content\/uploads\/2024\/02\/logo_mv_v2-2048x369-2.png 2048w, https:\/\/proklima.pl\/wp-content\/uploads\/2024\/02\/logo_mv_v2-2048x369-2-300x54.png 300w, https:\/\/proklima.pl\/wp-content\/uploads\/2024\/02\/logo_mv_v2-2048x369-2-1024x185.png 1024w, https:\/\/proklima.pl\/wp-content\/uploads\/2024\/02\/logo_mv_v2-2048x369-2-768x138.png 768w, https:\/\/proklima.pl\/wp-content\/uploads\/2024\/02\/logo_mv_v2-2048x369-2-1536x277.png 1536w\" sizes=\"(max-width: 2048px) 100vw, 2048px\" \/>\t\t\t\t\t\t\t\t\t\t\t\t\t\t\t<\/div>\n\t\t\t\t<\/div>\n\t\t\t\t<div class=\"elementor-element elementor-element-63bdd9c elementor-widget__width-initial elementor-invisible elementor-widget elementor-widget-heading\" data-id=\"63bdd9c\" data-element_type=\"widget\" data-e-type=\"widget\" data-settings=\"{&quot;_animation&quot;:&quot;fadeIn&quot;,&quot;_animation_delay&quot;:500}\" data-widget_type=\"heading.default\">\n\t\t\t\t<div class=\"elementor-widget-container\">\n\t\t\t\t\t<h2 class=\"elementor-heading-title elementor-size-default\">Partnerstwo na rzecz jako\u015bci<\/h2>\t\t\t\t<\/div>\n\t\t\t\t<\/div>\n\t\t\t\t<div class=\"elementor-element elementor-element-a9d5e89 elementor-widget__width-initial elementor-invisible elementor-widget elementor-widget-text-editor\" data-id=\"a9d5e89\" data-element_type=\"widget\" data-e-type=\"widget\" data-settings=\"{&quot;_animation&quot;:&quot;fadeIn&quot;,&quot;_animation_delay&quot;:800}\" data-widget_type=\"text-editor.default\">\n\t\t\t\t<div class=\"elementor-widget-container\">\n\t\t\t\t\t\t\t\t\t<p>W czasie naszej historii na rynku, jednym z kamieni milowych by\u0142o zawarcie wsp\u00f3\u0142pracy partnerskiej w 2019 roku z lokalnym liderem rynku w zakresie automatyki HVAC<\/p>\t\t\t\t\t\t\t\t<\/div>\n\t\t\t\t<\/div>\n\t\t\t\t<div class=\"elementor-element elementor-element-8694449 elementor-widget__width-initial elementor-invisible elementor-widget elementor-widget-text-editor\" data-id=\"8694449\" data-element_type=\"widget\" data-e-type=\"widget\" data-settings=\"{&quot;_animation&quot;:&quot;fadeIn&quot;,&quot;_animation_delay&quot;:800}\" data-widget_type=\"text-editor.default\">\n\t\t\t\t<div class=\"elementor-widget-container\">\n\t\t\t\t\t\t\t\t\t<p>Dzi\u0119ki po\u0142\u0105czeniu si\u0142 profesjonalist\u00f3w jeste\u015bmy w stanie spokojnie i terminowo realizowa\u0107 najbardziej wymagaj\u0105ce technicznie projekty<\/p>\t\t\t\t\t\t\t\t<\/div>\n\t\t\t\t<\/div>\n\t\t\t\t<\/div>\n\t\t\t\t<\/div>\n\t\t<div class=\"elementor-element elementor-element-67fcb15 e-flex e-con-boxed e-con e-parent\" data-id=\"67fcb15\" data-element_type=\"container\" data-e-type=\"container\" data-settings=\"{&quot;background_background&quot;:&quot;classic&quot;}\">\n\t\t\t\t\t<div class=\"e-con-inner\">\n\t\t<div class=\"elementor-element elementor-element-c9238ed e-con-full e-flex e-con e-child\" data-id=\"c9238ed\" data-element_type=\"container\" data-e-type=\"container\">\n\t\t\t\t<div class=\"elementor-element elementor-element-e076009 elementor-invisible elementor-widget elementor-widget-heading\" data-id=\"e076009\" data-element_type=\"widget\" data-e-type=\"widget\" data-settings=\"{&quot;_animation&quot;:&quot;fadeIn&quot;,&quot;_animation_delay&quot;:500}\" data-widget_type=\"heading.default\">\n\t\t\t\t<div class=\"elementor-widget-container\">\n\t\t\t\t\t<h2 class=\"elementor-heading-title elementor-size-default\">Rozwi\u0105zania dopasowane do Twojego obiektu<\/h2>\t\t\t\t<\/div>\n\t\t\t\t<\/div>\n\t\t\t\t<div class=\"elementor-element elementor-element-9de0e76 elementor-invisible elementor-widget elementor-widget-text-editor\" data-id=\"9de0e76\" data-element_type=\"widget\" data-e-type=\"widget\" data-settings=\"{&quot;_animation&quot;:&quot;fadeIn&quot;,&quot;_animation_delay&quot;:800}\" data-widget_type=\"text-editor.default\">\n\t\t\t\t<div class=\"elementor-widget-container\">\n\t\t\t\t\t\t\t\t\t<p>Pracowali\u015bmy przy projektach zwi\u0105zanych z domami i mieszkaniami prywatnymi, biurami, restauracjami, hotelami, firmami, magazynami i salonami samochodowymi.<\/p>\t\t\t\t\t\t\t\t<\/div>\n\t\t\t\t<\/div>\n\t\t\t\t<div class=\"elementor-element elementor-element-7b4cd60 elementor-invisible elementor-widget elementor-widget-text-editor\" data-id=\"7b4cd60\" data-element_type=\"widget\" data-e-type=\"widget\" data-settings=\"{&quot;_animation&quot;:&quot;fadeIn&quot;,&quot;_animation_delay&quot;:800}\" data-widget_type=\"text-editor.default\">\n\t\t\t\t<div class=\"elementor-widget-container\">\n\t\t\t\t\t\t\t\t\t<p>Realizowali\u015bmy zlecenia z zakresu, rekuperacji, serwisu, wentylacji i klimatyzacji.<br \/><br \/>W naszej bran\u017cy &#8211; nie boimy si\u0119 \u017cadnych zlece\u0144.<\/p>\t\t\t\t\t\t\t\t<\/div>\n\t\t\t\t<\/div>\n\t\t\t\t<\/div>\n\t\t<div class=\"elementor-element elementor-element-43d7a14 e-con-full e-flex e-con e-child\" data-id=\"43d7a14\" data-element_type=\"container\" data-e-type=\"container\">\n\t\t\t\t<div class=\"elementor-element elementor-element-d8e3b5c elementor-invisible elementor-widget elementor-widget-image\" data-id=\"d8e3b5c\" data-element_type=\"widget\" data-e-type=\"widget\" data-settings=\"{&quot;_animation&quot;:&quot;fadeIn&quot;}\" data-widget_type=\"image.default\">\n\t\t\t\t<div class=\"elementor-widget-container\">\n\t\t\t\t\t\t\t\t\t\t\t\t\t\t\t<img decoding=\"async\" width=\"2000\" height=\"1333\" src=\"https:\/\/proklima.pl\/wp-content\/uploads\/2023\/10\/repairman-uniform-installing-outside-unit-air-conditioner.jpg\" class=\"attachment-full size-full wp-image-582\" alt=\"\" srcset=\"https:\/\/proklima.pl\/wp-content\/uploads\/2023\/10\/repairman-uniform-installing-outside-unit-air-conditioner.jpg 2000w, https:\/\/proklima.pl\/wp-content\/uploads\/2023\/10\/repairman-uniform-installing-outside-unit-air-conditioner-300x200.jpg 300w, https:\/\/proklima.pl\/wp-content\/uploads\/2023\/10\/repairman-uniform-installing-outside-unit-air-conditioner-1024x682.jpg 1024w, https:\/\/proklima.pl\/wp-content\/uploads\/2023\/10\/repairman-uniform-installing-outside-unit-air-conditioner-768x512.jpg 768w, https:\/\/proklima.pl\/wp-content\/uploads\/2023\/10\/repairman-uniform-installing-outside-unit-air-conditioner-1536x1024.jpg 1536w\" sizes=\"(max-width: 2000px) 100vw, 2000px\" \/>\t\t\t\t\t\t\t\t\t\t\t\t\t\t\t<\/div>\n\t\t\t\t<\/div>\n\t\t\t\t<\/div>\n\t\t\t\t\t<\/div>\n\t\t\t\t<\/div>\n\t\t\t\t<\/div>\n\t\t","protected":false},"excerpt":{"rendered":"<p>O nas Od 18 lat stale realizujemy projekty z zakresu monta\u017cu oraz serwisu klimatyzacji i wentylacji. Dwie dekady pracy nauczy\u0142y nas jak prosta\u0107 najr\u00f3\u017cniejszym wymaganiom klient\u00f3w\u00a0indywidualnych i biznesowych O nas Od 18 lat stale realizujemy projekty z zakresu monta\u017cu oraz serwisu klimatyzacji i wentylacji. Dwie dekady pracy nauczy\u0142y nas jak prosta\u0107 najr\u00f3\u017cniejszym wymaganiom klient\u00f3w\u00a0indywidualnych i [&hellip;]<\/p>\n","protected":false},"author":4,"featured_media":0,"parent":0,"menu_order":0,"comment_status":"closed","ping_status":"closed","template":"elementor_header_footer","meta":{"footnotes":""},"class_list":["post-206","page","type-page","status-publish","hentry"],"yoast_head":"<!-- This site is optimized with the Yoast SEO plugin v27.5 - https:\/\/yoast.com\/product\/yoast-seo-wordpress\/ -->\n<title>O nas - Proklima<\/title>\n<meta name=\"robots\" content=\"index, follow, max-snippet:-1, max-image-preview:large, max-video-preview:-1\" \/>\n<link rel=\"canonical\" href=\"https:\/\/proklima.pl\/?page_id=206\" \/>\n<meta property=\"og:locale\" content=\"pl_PL\" \/>\n<meta property=\"og:type\" content=\"article\" \/>\n<meta property=\"og:title\" content=\"O nas - Proklima\" \/>\n<meta property=\"og:description\" content=\"O nas Od 18 lat stale realizujemy projekty z zakresu monta\u017cu oraz serwisu klimatyzacji i wentylacji. Dwie dekady pracy nauczy\u0142y nas jak prosta\u0107 najr\u00f3\u017cniejszym wymaganiom klient\u00f3w\u00a0indywidualnych i biznesowych O nas Od 18 lat stale realizujemy projekty z zakresu monta\u017cu oraz serwisu klimatyzacji i wentylacji. Dwie dekady pracy nauczy\u0142y nas jak prosta\u0107 najr\u00f3\u017cniejszym wymaganiom klient\u00f3w\u00a0indywidualnych i [&hellip;]\" \/>\n<meta property=\"og:url\" content=\"https:\/\/proklima.pl\/?page_id=206\" \/>\n<meta property=\"og:site_name\" content=\"Proklima\" \/>\n<meta property=\"article:modified_time\" content=\"2024-09-12T08:48:36+00:00\" \/>\n<meta property=\"og:image\" content=\"https:\/\/proklima.pl\/wp-content\/uploads\/2024\/02\/air-conditioner-puts-very-fresh-air-room-hot-day.jpg\" \/>\n<meta name=\"twitter:card\" content=\"summary_large_image\" \/>\n<meta name=\"twitter:label1\" content=\"Szacowany czas czytania\" \/>\n\t<meta name=\"twitter:data1\" content=\"2 minuty\" \/>\n<script type=\"application\/ld+json\" class=\"yoast-schema-graph\">{\"@context\":\"https:\\\/\\\/schema.org\",\"@graph\":[{\"@type\":\"WebPage\",\"@id\":\"https:\\\/\\\/proklima.pl\\\/?page_id=206\",\"url\":\"https:\\\/\\\/proklima.pl\\\/?page_id=206\",\"name\":\"O nas - Proklima\",\"isPartOf\":{\"@id\":\"https:\\\/\\\/proklima.pl\\\/#website\"},\"primaryImageOfPage\":{\"@id\":\"https:\\\/\\\/proklima.pl\\\/?page_id=206#primaryimage\"},\"image\":{\"@id\":\"https:\\\/\\\/proklima.pl\\\/?page_id=206#primaryimage\"},\"thumbnailUrl\":\"https:\\\/\\\/proklima.pl\\\/wp-content\\\/uploads\\\/2024\\\/02\\\/air-conditioner-puts-very-fresh-air-room-hot-day.jpg\",\"datePublished\":\"2023-10-13T13:23:01+00:00\",\"dateModified\":\"2024-09-12T08:48:36+00:00\",\"breadcrumb\":{\"@id\":\"https:\\\/\\\/proklima.pl\\\/?page_id=206#breadcrumb\"},\"inLanguage\":\"pl-PL\",\"potentialAction\":[{\"@type\":\"ReadAction\",\"target\":[\"https:\\\/\\\/proklima.pl\\\/?page_id=206\"]}]},{\"@type\":\"ImageObject\",\"inLanguage\":\"pl-PL\",\"@id\":\"https:\\\/\\\/proklima.pl\\\/?page_id=206#primaryimage\",\"url\":\"https:\\\/\\\/proklima.pl\\\/wp-content\\\/uploads\\\/2024\\\/02\\\/air-conditioner-puts-very-fresh-air-room-hot-day.jpg\",\"contentUrl\":\"https:\\\/\\\/proklima.pl\\\/wp-content\\\/uploads\\\/2024\\\/02\\\/air-conditioner-puts-very-fresh-air-room-hot-day.jpg\",\"width\":8994,\"height\":5696,\"caption\":\"The air conditioner puts very fresh air in the room\"},{\"@type\":\"BreadcrumbList\",\"@id\":\"https:\\\/\\\/proklima.pl\\\/?page_id=206#breadcrumb\",\"itemListElement\":[{\"@type\":\"ListItem\",\"position\":1,\"name\":\"Strona g\u0142\u00f3wna\",\"item\":\"https:\\\/\\\/proklima.pl\\\/\"},{\"@type\":\"ListItem\",\"position\":2,\"name\":\"O nas\"}]},{\"@type\":\"WebSite\",\"@id\":\"https:\\\/\\\/proklima.pl\\\/#website\",\"url\":\"https:\\\/\\\/proklima.pl\\\/\",\"name\":\"Proklima\",\"description\":\"Kolejna witryna WordPress\",\"publisher\":{\"@id\":\"https:\\\/\\\/proklima.pl\\\/#organization\"},\"potentialAction\":[{\"@type\":\"SearchAction\",\"target\":{\"@type\":\"EntryPoint\",\"urlTemplate\":\"https:\\\/\\\/proklima.pl\\\/?s={search_term_string}\"},\"query-input\":{\"@type\":\"PropertyValueSpecification\",\"valueRequired\":true,\"valueName\":\"search_term_string\"}}],\"inLanguage\":\"pl-PL\"},{\"@type\":\"Organization\",\"@id\":\"https:\\\/\\\/proklima.pl\\\/#organization\",\"name\":\"Proklima\",\"url\":\"https:\\\/\\\/proklima.pl\\\/\",\"logo\":{\"@type\":\"ImageObject\",\"inLanguage\":\"pl-PL\",\"@id\":\"https:\\\/\\\/proklima.pl\\\/#\\\/schema\\\/logo\\\/image\\\/\",\"url\":\"https:\\\/\\\/proklima.pl\\\/wp-content\\\/uploads\\\/2023\\\/10\\\/PROKLIMA-PNG_LOGO-TLO-315x100-1.png\",\"contentUrl\":\"https:\\\/\\\/proklima.pl\\\/wp-content\\\/uploads\\\/2023\\\/10\\\/PROKLIMA-PNG_LOGO-TLO-315x100-1.png\",\"width\":1459,\"height\":417,\"caption\":\"Proklima\"},\"image\":{\"@id\":\"https:\\\/\\\/proklima.pl\\\/#\\\/schema\\\/logo\\\/image\\\/\"}}]}<\/script>\n<!-- \/ Yoast SEO plugin. -->","yoast_head_json":{"title":"O nas - Proklima","robots":{"index":"index","follow":"follow","max-snippet":"max-snippet:-1","max-image-preview":"max-image-preview:large","max-video-preview":"max-video-preview:-1"},"canonical":"https:\/\/proklima.pl\/?page_id=206","og_locale":"pl_PL","og_type":"article","og_title":"O nas - Proklima","og_description":"O nas Od 18 lat stale realizujemy projekty z zakresu monta\u017cu oraz serwisu klimatyzacji i wentylacji. Dwie dekady pracy nauczy\u0142y nas jak prosta\u0107 najr\u00f3\u017cniejszym wymaganiom klient\u00f3w\u00a0indywidualnych i biznesowych O nas Od 18 lat stale realizujemy projekty z zakresu monta\u017cu oraz serwisu klimatyzacji i wentylacji. Dwie dekady pracy nauczy\u0142y nas jak prosta\u0107 najr\u00f3\u017cniejszym wymaganiom klient\u00f3w\u00a0indywidualnych i [&hellip;]","og_url":"https:\/\/proklima.pl\/?page_id=206","og_site_name":"Proklima","article_modified_time":"2024-09-12T08:48:36+00:00","og_image":[{"url":"https:\/\/proklima.pl\/wp-content\/uploads\/2024\/02\/air-conditioner-puts-very-fresh-air-room-hot-day.jpg","type":"","width":"","height":""}],"twitter_card":"summary_large_image","twitter_misc":{"Szacowany czas czytania":"2 minuty"},"schema":{"@context":"https:\/\/schema.org","@graph":[{"@type":"WebPage","@id":"https:\/\/proklima.pl\/?page_id=206","url":"https:\/\/proklima.pl\/?page_id=206","name":"O nas - Proklima","isPartOf":{"@id":"https:\/\/proklima.pl\/#website"},"primaryImageOfPage":{"@id":"https:\/\/proklima.pl\/?page_id=206#primaryimage"},"image":{"@id":"https:\/\/proklima.pl\/?page_id=206#primaryimage"},"thumbnailUrl":"https:\/\/proklima.pl\/wp-content\/uploads\/2024\/02\/air-conditioner-puts-very-fresh-air-room-hot-day.jpg","datePublished":"2023-10-13T13:23:01+00:00","dateModified":"2024-09-12T08:48:36+00:00","breadcrumb":{"@id":"https:\/\/proklima.pl\/?page_id=206#breadcrumb"},"inLanguage":"pl-PL","potentialAction":[{"@type":"ReadAction","target":["https:\/\/proklima.pl\/?page_id=206"]}]},{"@type":"ImageObject","inLanguage":"pl-PL","@id":"https:\/\/proklima.pl\/?page_id=206#primaryimage","url":"https:\/\/proklima.pl\/wp-content\/uploads\/2024\/02\/air-conditioner-puts-very-fresh-air-room-hot-day.jpg","contentUrl":"https:\/\/proklima.pl\/wp-content\/uploads\/2024\/02\/air-conditioner-puts-very-fresh-air-room-hot-day.jpg","width":8994,"height":5696,"caption":"The air conditioner puts very fresh air in the room"},{"@type":"BreadcrumbList","@id":"https:\/\/proklima.pl\/?page_id=206#breadcrumb","itemListElement":[{"@type":"ListItem","position":1,"name":"Strona g\u0142\u00f3wna","item":"https:\/\/proklima.pl\/"},{"@type":"ListItem","position":2,"name":"O nas"}]},{"@type":"WebSite","@id":"https:\/\/proklima.pl\/#website","url":"https:\/\/proklima.pl\/","name":"Proklima","description":"Kolejna witryna WordPress","publisher":{"@id":"https:\/\/proklima.pl\/#organization"},"potentialAction":[{"@type":"SearchAction","target":{"@type":"EntryPoint","urlTemplate":"https:\/\/proklima.pl\/?s={search_term_string}"},"query-input":{"@type":"PropertyValueSpecification","valueRequired":true,"valueName":"search_term_string"}}],"inLanguage":"pl-PL"},{"@type":"Organization","@id":"https:\/\/proklima.pl\/#organization","name":"Proklima","url":"https:\/\/proklima.pl\/","logo":{"@type":"ImageObject","inLanguage":"pl-PL","@id":"https:\/\/proklima.pl\/#\/schema\/logo\/image\/","url":"https:\/\/proklima.pl\/wp-content\/uploads\/2023\/10\/PROKLIMA-PNG_LOGO-TLO-315x100-1.png","contentUrl":"https:\/\/proklima.pl\/wp-content\/uploads\/2023\/10\/PROKLIMA-PNG_LOGO-TLO-315x100-1.png","width":1459,"height":417,"caption":"Proklima"},"image":{"@id":"https:\/\/proklima.pl\/#\/schema\/logo\/image\/"}}]}},"_links":{"self":[{"href":"https:\/\/proklima.pl\/index.php?rest_route=\/wp\/v2\/pages\/206","targetHints":{"allow":["GET"]}}],"collection":[{"href":"https:\/\/proklima.pl\/index.php?rest_route=\/wp\/v2\/pages"}],"about":[{"href":"https:\/\/proklima.pl\/index.php?rest_route=\/wp\/v2\/types\/page"}],"author":[{"embeddable":true,"href":"https:\/\/proklima.pl\/index.php?rest_route=\/wp\/v2\/users\/4"}],"replies":[{"embeddable":true,"href":"https:\/\/proklima.pl\/index.php?rest_route=%2Fwp%2Fv2%2Fcomments&post=206"}],"version-history":[{"count":113,"href":"https:\/\/proklima.pl\/index.php?rest_route=\/wp\/v2\/pages\/206\/revisions"}],"predecessor-version":[{"id":855,"href":"https:\/\/proklima.pl\/index.php?rest_route=\/wp\/v2\/pages\/206\/revisions\/855"}],"wp:attachment":[{"href":"https:\/\/proklima.pl\/index.php?rest_route=%2Fwp%2Fv2%2Fmedia&parent=206"}],"curies":[{"name":"wp","href":"https:\/\/api.w.org\/{rel}","templated":true}]}}